{"id":548,"date":"2024-05-18T23:26:38","date_gmt":"2024-05-18T21:26:38","guid":{"rendered":"https:\/\/aikido-aisne.com\/?page_id=548"},"modified":"2025-08-16T23:09:22","modified_gmt":"2025-08-16T21:09:22","slug":"laikido-et-ses-federations-un-probleme-francais","status":"publish","type":"page","link":"https:\/\/aikido-aisne.com\/index.php\/laikido-et-ses-federations-un-probleme-francais\/","title":{"rendered":"TUTELLE ET MONOPOLE AU PAYS DES ARTS MARTIAUX  : UN PROBLEME BIEN FRANCAIS"},"content":{"rendered":"\n<p>Pratiquer un art martial traditionnel japonais, c&rsquo;est emprunter la voie ( \u00ab\u00a0<em>Do\u00a0\u00bb <\/em>) et s&rsquo;engager dans une recherche \u00e0 la fois technique et philosophique pour progresser, dans toutes les dimensions du terme. Un apprentissage dans la s\u00e9r\u00e9nit\u00e9 et le respect qui pourra durer quelques mois, des ann\u00e9es ou toute une vie. C&rsquo;est \u00e9galement choisir un professeur, le Ma\u00eetre du Dojo (le <em>Dojo<\/em> \u00e9tant le lieu consacr\u00e9 \u00e0 la pratique des bud\u014d \u6b66\u9053). D&rsquo;ailleurs, la plupart des grands experts ont appris aupr\u00e8s de diff\u00e9rents Ma\u00eetres (ou <em>Sense\u00ef<\/em>) ce qui est une bonne chose en soi car nul ne poss\u00e8de seul toutes les r\u00e9ponses en ce domaine. Puis, vient la sp\u00e9cificit\u00e9 fran\u00e7aise qui veut que toute activit\u00e9 assimil\u00e9e \u00e0 un sport soit encadr\u00e9e par une technostructure bureaucratique. Et c&rsquo;est ici que les probl\u00e8mes commencent car la structuration de l&rsquo;A\u00efkido depuis les ann\u00e9es 1980 dans notre pays a amen\u00e9 beaucoup de d\u00e9convenues : faute de perp\u00e9tuer, promouvoir et d\u00e9velopper notre art, on a assist\u00e9 \u00e0 la valse des \u00e9gos&#8230;<\/p>\n\n\n\n<p><\/p>\n\n\n\n<p>Aussi, <strong><em>l&rsquo;Ecole d&rsquo;A\u00efkido Traditionnel &#8211; Dojo de l&rsquo;Aisne<\/em><\/strong> a choisi une autre Voie en s&rsquo;affiliant \u00e0 une F\u00e9d\u00e9ration <strong>affinitaire<\/strong> multisports reconnue et porteuse de valeurs, la FFST (F\u00e9d\u00e9ration Fran\u00e7aise du Sport Travailliste) agr\u00e9\u00e9e par le Minist\u00e8re des Sports et elle-m\u00eame affili\u00e9e au&nbsp;Comit\u00e9 National Olympique et Sportif Fran\u00e7ais. Elle a pour devise <strong><em>\u00ab\u00a0Le Sport en Libert\u00e9 !\u00a0\u00bb<\/em><\/strong>. La FFST est membre de la Conf\u00e9d\u00e9ration Sportive Internationale du Travail qui regroupe plus de 60 pays dans le monde, organisation bas\u00e9e sur des id\u00e9aux :&nbsp;\u00e9galit\u00e9 et solidarit\u00e9 dans le sport.<\/p>\n\n\n\n<p>Ainsi nous accompagnons les \u00e9l\u00e8ves dans une pratique authentique, libre, traditionnelle, avec pour seule mission de<strong> replacer l&rsquo;A\u00efkidoka au centre des pr\u00e9occupations<\/strong>.<\/p>\n\n\n\n<hr class=\"wp-block-separator has-alpha-channel-opacity is-style-wide\"\/>\n\n\n\n<figure class=\"wp-block-image size-full\"><img loading=\"lazy\" decoding=\"async\" width=\"931\" height=\"571\" src=\"https:\/\/aikido-aisne.com\/wp-content\/uploads\/2025\/01\/Capture-decran-2025-01-04-def.jpg\" alt=\"\" class=\"wp-image-992\" srcset=\"https:\/\/aikido-aisne.com\/wp-content\/uploads\/2025\/01\/Capture-decran-2025-01-04-def.jpg 931w, https:\/\/aikido-aisne.com\/wp-content\/uploads\/2025\/01\/Capture-decran-2025-01-04-def-300x184.jpg 300w, https:\/\/aikido-aisne.com\/wp-content\/uploads\/2025\/01\/Capture-decran-2025-01-04-def-768x471.jpg 768w\" sizes=\"auto, (max-width: 931px) 100vw, 931px\" \/><\/figure>\n\n\n\n<p class=\"has-medium-font-size\"><strong><em>Les d\u00e9rives en 10 points :<\/em><\/strong><\/p>\n\n\n\n<ol class=\"wp-block-list\">\n<li><strong>Divisions internes<\/strong> : l&rsquo;A\u00efkido en France est repr\u00e9sent\u00e9 par plusieurs structures qui se pr\u00e9tendent \u00ab\u00a0officielles\u00a0\u00bb. Ces organisations ont des interpr\u00e9tations diff\u00e9rentes de l&rsquo;A\u00efkido, tant sur les plans techniques que philosophiques. Ces divergences entra\u00eenent des d\u00e9saccords sur la mani\u00e8re dont l&rsquo;A\u00efkido doit \u00eatre enseign\u00e9 et pratiqu\u00e9, ce qui est incompr\u00e9hensible pour les pratiquants notamment les moins exp\u00e9riment\u00e9s. Ainsi naissent des conflits tr\u00e8s \u00e9loign\u00e9s de l&rsquo;esprit et de la philosophie de l&rsquo;art martial qu&rsquo;elles repr\u00e9sentent.<\/li>\n\n\n\n<li><strong>Leadership et gouvernance<\/strong> : les d\u00e9cisions prises par les dirigeants de ces organisations sont r\u00e9guli\u00e8rement sources de controverses. Les critiques portent sur le manque de transparence, la gestion des ressources et les orientations strat\u00e9giques. En effet, on peut s&rsquo;interroger sur l&rsquo;effondrement du nombre de pratiquants en France ces 25 derni\u00e8res ann\u00e9es et l&rsquo;incapacit\u00e9 collective \u00e0 enrayer la disparition de cet h\u00e9ritage japonais.<\/li>\n\n\n\n<li><strong>Reconnaissance et l\u00e9gitimit\u00e9<\/strong> : la question de la reconnaissance officielle par l&rsquo;\u00c9tat ou par des organismes internationaux est aussi un grand sujet de d\u00e9bat. La \u00ab\u00a0concurrence\u00a0\u00bb pour \u00eatre l\u2019instance repr\u00e9sentative l\u00e9gitime de l\u2019A\u00efkido en France engendre des contestations. \u00d4-Sense\u00ef, le Fondateur de l&rsquo;A\u00efkido, aurait-il souhait\u00e9 que son art soit r\u00e9git par une bureaucratie aussi \u00e9loign\u00e9e des r\u00e9alit\u00e9s du Dojo et des budokas ?<\/li>\n\n\n\n<li><strong>\u00c9volution de la discipline<\/strong> : de plus en plus d&rsquo;a\u00efkidokas estiment que les structures officielles ne s\u2019adaptent pas suffisamment aux \u00e9volutions contemporaines et aux attentes des nouveaux pratiquants, notamment en termes de formation, de stages et d\u2019\u00e9v\u00e9nements.<\/li>\n\n\n\n<li><strong>Gestion financi\u00e8re<\/strong> : l&rsquo;utilisation des cotisations est une vraie question =&gt; gestion financi\u00e8re hasardeuse, manque de clart\u00e9 et de transparence dans les comptes&#8230;, etc. Tout ceci m\u00e8ne \u00e0 une perte de confiance \u00e0 l&rsquo;\u00e9gard du syst\u00e8me en place.<\/li>\n\n\n\n<li><strong>Innovation VS Tradition<\/strong> : le d\u00e9bat entre ceux qui souhaitent moderniser l\u2019A\u00efkido &#8211; parfois de mani\u00e8re absurde &#8211; et ceux qui veulent pr\u00e9server les traditions ancestrales, est \u00e0 l&rsquo;origine de nombreuses divisions. Certains courants sont per\u00e7us comme trop rigides ou, \u00e0 contrario, trop laxistes dans leur approche.<\/li>\n\n\n\n<li><strong>Formation des enseignants<\/strong> : les crit\u00e8res et les processus de certification des enseignants sont souvent sources de d\u00e9saccords. Des diff\u00e9rences dans les exigences, les m\u00e9thodes et la qualit\u00e9 des formations cr\u00e9ent des tensions avec les Clubs, dans un syst\u00e8me qui devient de plus en plus technocratique. Sans parler de l&rsquo;organisation des \u00ab\u00a0passages de grades\u00a0\u00bb embourb\u00e9e dans une course sans fins aux Dan&#8230; L\u00e0 encore on retrouve des pratiques sans rapport avec l&rsquo;Histoire des arts martiaux japonais.<\/li>\n\n\n\n<li><strong>Relations internationales<\/strong> : les liens avec les organisations internationales et les Ma\u00eetres japonais sont \u00e9galement un point de friction. La mani\u00e8re dont ces relations sont g\u00e9r\u00e9es en France provoque une perte de l\u00e9gitimit\u00e9.<\/li>\n\n\n\n<li><strong>Culture de l\u2019a\u00efkido<\/strong> : les valeurs et l&rsquo;\u00e9thique de l&rsquo;A\u00efkido telles que l&rsquo;humilit\u00e9, la coop\u00e9ration et le respect, sont r\u00e9guli\u00e8rement per\u00e7ues comme compromises par des luttes de pouvoir historiques au sein des technostructures. Cela entra\u00eene in\u00e9vitablement un m\u00e9contentement parmi les pratiquants qui ressentent une forte d\u00e9connexion entre les principes de l&rsquo;A\u00efkido et les comportements des dirigeants.<\/li>\n\n\n\n<li><strong>Acc\u00e8s et inclusion<\/strong> : les politiques concernant l\u2019accessibilit\u00e9 de la pratique, notamment en termes de diversit\u00e9 et d&rsquo;inclusion, sont critiquables =&gt; efforts insuffisants pour encourager la participation des femmes, des jeunes, des personnes en situation de handicap ou des personnes issues de milieux d\u00e9favoris\u00e9s, etc.<\/li>\n<\/ol>\n\n\n\n<figure class=\"wp-block-image size-full\"><img loading=\"lazy\" decoding=\"async\" width=\"690\" height=\"419\" src=\"https:\/\/aikido-aisne.com\/wp-content\/uploads\/2025\/05\/Capture-decran-2025-05-11-194247.jpg\" alt=\"\" class=\"wp-image-1173\" srcset=\"https:\/\/aikido-aisne.com\/wp-content\/uploads\/2025\/05\/Capture-decran-2025-05-11-194247.jpg 690w, https:\/\/aikido-aisne.com\/wp-content\/uploads\/2025\/05\/Capture-decran-2025-05-11-194247-300x182.jpg 300w\" sizes=\"auto, (max-width: 690px) 100vw, 690px\" \/><\/figure>\n\n\n\n<hr class=\"wp-block-separator has-alpha-channel-opacity is-style-wide\"\/>\n\n\n\n<p class=\"has-medium-font-size\"><strong><em>Vers quel mod\u00e8le aller ?<\/em><\/strong><\/p>\n\n\n\n<p>Des f\u00e9d\u00e9rations d&rsquo;A\u00efkido enfin plus agiles, centr\u00e9es sur l&rsquo;accompagnement des clubs plut\u00f4t que sur le contr\u00f4le et retrouver ainsi le mod\u00e8le traditionnel japonais : \u00ab\u00a0un Ma\u00eetre, un Dojo\u00a0\u00bb.<\/p>\n\n\n\n<p>Plus d\u2019autonomie locale, avec un vrai soutien au d\u00e9veloppement (communication, outils num\u00e9riques, outils p\u00e9dagogiques adapt\u00e9s, etc&#8230;).<\/p>\n\n\n\n<p>Une valorisation du parcours personnel des pratiquants, au del\u00e0 de la culture tr\u00e8s occidentale de la hi\u00e9rarchie des grades (utile pour \u00e9valuer une progression mais un danger pour l&rsquo;humilit\u00e9).<\/p>\n\n\n\n<p>Une ouverture vers des partenariats inter-disciplinaires (arts martiaux mixtes, d\u00e9veloppement personnel, sport-sant\u00e9\u2026).<\/p>\n\n\n\n<p>Un repositionnement de l\u2019A\u00efkido : \u00e0 la fois comme art martial v\u00e9ritablement \u00ab\u00a0efficace\u00a0\u00bb, mais aussi comme une pratique de bien-\u00eatre, d&rsquo;\u00e9quilibre de vie et de d\u00e9veloppement personnel.<\/p>\n\n\n\n<p><\/p>\n\n\n\n<div class=\"wp-block-group alignfull has-background-color has-foreground-background-color has-text-color has-background has-link-color wp-elements-d12e9a264ab1858acfc9a302f0e09bed is-layout-constrained wp-block-group-is-layout-constrained\" style=\"padding-top:var(--wp--custom--spacing--small, 1.25rem);padding-bottom:var(--wp--custom--spacing--small, 1.25rem)\">\n<div class=\"wp-block-group alignwide is-content-justification-space-between is-layout-flex wp-container-core-group-is-layout-b2891da8 wp-block-group-is-layout-flex\"><p class=\"wp-block-site-title has-small-font-size\"><a href=\"https:\/\/aikido-aisne.com\" target=\"_self\" rel=\"home\">ECOLE D&#039;AIKIDO TRADITIONNEL &#8211; DOJO DE L&#039;AISNE<\/a><\/p>\n\n\n<p class=\"has-small-font-size\">Copyright @ 2024 EAT &#8211; Dojo de l&rsquo;Aisne<\/p>\n\n\n\n<p class=\"has-text-align-right has-small-font-size\"><a href=\"https:\/\/aikido-aisne.com\/index.php\/mentions-legales\/\" data-type=\"page\" data-id=\"197\" target=\"_blank\" rel=\"noreferrer noopener\">Mentions l\u00e9gales <\/a><\/p>\n<\/div>\n<\/div>\n","protected":false},"excerpt":{"rendered":"<p>Pratiquer un art martial traditionnel japonais, c&rsquo;est emprunter la voie ( \u00ab\u00a0Do\u00a0\u00bb ) et s&rsquo;engager dans une recherche \u00e0 la fois technique et philosophique pour progresser, dans toutes les dimensions du terme. Un apprentissage dans la s\u00e9r\u00e9nit\u00e9 et le respect qui pourra durer quelques mois, des ann\u00e9es ou toute une vie. C&rsquo;est \u00e9galement choisir un [&hellip;]<\/p>\n","protected":false},"author":1,"featured_media":0,"parent":0,"menu_order":0,"comment_status":"closed","ping_status":"closed","template":"","meta":{"footnotes":""},"class_list":["post-548","page","type-page","status-publish","hentry"],"_links":{"self":[{"href":"https:\/\/aikido-aisne.com\/index.php\/wp-json\/wp\/v2\/pages\/548","targetHints":{"allow":["GET"]}}],"collection":[{"href":"https:\/\/aikido-aisne.com\/index.php\/wp-json\/wp\/v2\/pages"}],"about":[{"href":"https:\/\/aikido-aisne.com\/index.php\/wp-json\/wp\/v2\/types\/page"}],"author":[{"embeddable":true,"href":"https:\/\/aikido-aisne.com\/index.php\/wp-json\/wp\/v2\/users\/1"}],"replies":[{"embeddable":true,"href":"https:\/\/aikido-aisne.com\/index.php\/wp-json\/wp\/v2\/comments?post=548"}],"version-history":[{"count":147,"href":"https:\/\/aikido-aisne.com\/index.php\/wp-json\/wp\/v2\/pages\/548\/revisions"}],"predecessor-version":[{"id":1260,"href":"https:\/\/aikido-aisne.com\/index.php\/wp-json\/wp\/v2\/pages\/548\/revisions\/1260"}],"wp:attachment":[{"href":"https:\/\/aikido-aisne.com\/index.php\/wp-json\/wp\/v2\/media?parent=548"}],"curies":[{"name":"wp","href":"https:\/\/api.w.org\/{rel}","templated":true}]}}